{"id":1259,"date":"2022-03-06T12:35:09","date_gmt":"2022-03-06T11:35:09","guid":{"rendered":"https:\/\/test.mv-eschfeld.de\/vorstand"},"modified":"2024-12-23T12:57:48","modified_gmt":"2024-12-23T11:57:48","slug":"vorstand","status":"publish","type":"page","link":"https:\/\/mv-eschfeld.de\/?page_id=1259","title":{"rendered":"Vorstand"},"content":{"rendered":"<div data-colibri-id=\"1259-c1\" class=\"style-604 style-local-1259-c1 position-relative\">\n  <!---->\n  <div data-colibri-component=\"section\" data-colibri-id=\"1259-c2\" id=\"about\" class=\"h-section h-section-global-spacing d-flex align-items-lg-center align-items-md-center align-items-center style-605 style-local-1259-c2 position-relative\">\n    <!---->\n    <!---->\n    <div class=\"h-section-grid-container h-section-boxed-container\">\n      <!---->\n      <div data-colibri-id=\"1259-c3\" class=\"h-row-container gutters-row-lg-0 gutters-row-md-0 gutters-row-0 gutters-row-v-lg-0 gutters-row-v-md-0 gutters-row-v-0 style-606 style-local-1259-c3 position-relative\">\n        <!---->\n        <div class=\"h-row justify-content-lg-center justify-content-md-center justify-content-center align-items-lg-stretch align-items-md-stretch align-items-stretch gutters-col-lg-0 gutters-col-md-0 gutters-col-0 gutters-col-v-lg-0 gutters-col-v-md-0 gutters-col-v-0\">\n          <!---->\n          <div class=\"h-column h-column-container d-flex h-col-lg-auto h-col-md-auto h-col-auto style-607-outer style-local-1259-c4-outer\">\n            <div data-colibri-id=\"1259-c4\" class=\"d-flex h-flex-basis h-column__inner h-px-lg-0 h-px-md-0 h-px-0 v-inner-lg-0 v-inner-md-0 v-inner-0 style-607 style-local-1259-c4 position-relative\">\n              <!---->\n              <!---->\n              <div class=\"w-100 h-y-container h-column__content h-column__v-align flex-basis-100 align-self-lg-start align-self-md-start align-self-start\">\n                <!---->\n                <div data-colibri-id=\"1259-c5\" class=\"h-global-transition-all h-heading style-608 style-local-1259-c5 position-relative h-element\">\n                  <!---->\n                  <div class=\"h-heading__outer style-608 style-local-1259-c5\">\n                    <!---->\n                    <!---->\n                    <h5 class=\"\"><span style=\"font-family: Montserrat;\">Unser Vorstand <\/span><span style=\"font-family: Montserrat; font-size: 53%;\">(gew\u00e4hlt 2024)<\/span><\/h5>\n                  <\/div>\n                <\/div>\n                <div data-colibri-id=\"1259-c6\" class=\"h-text h-text-component style-610 style-local-1259-c6 position-relative h-element\">\n                  <!---->\n                  <!---->\n                  <div class=\"\">\n                    <p><strong style=\"color: rgb(12, 0, 0); font-family: Montserrat;\">1. Vorsitzender<\/strong><span style=\"color: rgb(12, 0, 0); font-family: Montserrat;\"><br>J\u00fcrgen Kolf<\/span><\/p>\n                    <p><strong style=\"color: rgb(12, 0, 0); font-family: Montserrat;\">stellv. Vorsitzender<\/strong><span style=\"color: rgb(12, 0, 0); font-family: Montserrat;\"><br>Peter Wei\u00df<br><\/span>\n                      <a href=\"mailto:vorstand@mv-eschfeld.de\" style=\"color: rgb(12, 0, 0); font-family: Montserrat; font-size: 81%;\">vorstand@mv-eschfeld.de<\/a>\n                    <\/p>\n                    <p><strong style=\"color: rgb(12, 0, 0); font-family: Montserrat;\">Kassiererin<\/strong><span style=\"color: rgb(12, 0, 0); font-family: Montserrat;\"><br>Gabi Leifgen<\/span><\/p>\n                    <p><strong style=\"color: rgb(12, 0, 0); font-family: Montserrat;\">Schriftf\u00fchrerin<\/strong><span style=\"color: rgb(12, 0, 0); font-family: Montserrat;\"><br>Irene Cales<\/span>\n                      <a href=\"mailto:info@mv-eschfeld.de\" style=\"color: rgb(12, 0, 0); font-family: Montserrat;\">\n                        <br>\n                      <\/a>\n                      <a href=\"mailto:info@mv-eschfeld.de\" style=\"color: rgb(12, 0, 0); font-family: Montserrat; font-size: 81%;\">info@mv-eschfeld.de<\/a>\n                    <\/p>\n                    <p><strong style=\"color: rgb(12, 0, 0); font-family: Montserrat;\">Beisitzer<br><\/strong><span style=\"color: rgb(12, 0, 0); font-family: Montserrat;\">Peter Wei\u00df, Larissa Ballmann<\/span><strong style=\"color: rgb(12, 0, 0); font-family: Montserrat;\"><br><br>Jugendleiter<\/strong>\n                      <span\n                        style=\"color: rgb(12, 0, 0); font-family: Montserrat;\">\n                        <br>Steffi Simon\n                        <br>\n                        <\/span>\n                    <\/p>\n                    <p><strong style=\"color: rgb(12, 0, 0); font-family: Montserrat;\">Dirigent<\/strong><span style=\"color: rgb(12, 0, 0); font-family: Montserrat;\"><br>Michael Simon<\/span>\n                      <a href=\"mailto:dirigent@mv-eschfeld.de\" style=\"color: rgb(12, 0, 0); font-family: Montserrat;\">\n                        <br>\n                      <\/a>\n                      <a href=\"mailto:dirigent@mv-eschfeld.de\" style=\"color: rgb(12, 0, 0); font-family: Montserrat; font-size: 81%;\">dirigent@mv-eschfeld.de<\/a>\n                    <\/p>\n                  <\/div>\n                <\/div>\n              <\/div>\n            <\/div>\n          <\/div>\n          <div class=\"h-column h-column-container d-flex h-col-lg-auto h-col-md-auto h-col-auto style-611-outer style-local-1259-c7-outer\">\n            <div data-colibri-id=\"1259-c7\" class=\"d-flex h-flex-basis h-column__inner h-ui-empty-state-container h-px-lg-2 h-px-md-2 h-px-2 v-inner-lg-2 v-inner-md-2 v-inner-2 style-611 style-local-1259-c7 position-relative\">\n              <!---->\n              <!---->\n              <div class=\"w-100 h-y-container h-column__content h-column__v-align flex-basis-100\">\n                <!---->\n              <\/div>\n            <\/div>\n          <\/div>\n        <\/div>\n      <\/div>\n    <\/div>\n  <\/div>\n<\/div>","protected":false},"excerpt":{"rendered":"<p>Unser Vorstand (gew\u00e4hlt 2024) 1. VorsitzenderJ\u00fcrgen Kolf stellv. VorsitzenderPeter Wei\u00df vorstand@mv-eschfeld.de KassiererinGabi Leifgen Schriftf\u00fchrerinIrene Cales info@mv-eschfeld.de BeisitzerPeter Wei\u00df, Larissa BallmannJugendleiter Steffi Simon DirigentMichael Simon dirigent@mv-eschfeld.de<\/p>\n","protected":false},"author":1,"featured_media":0,"parent":0,"menu_order":0,"comment_status":"closed","ping_status":"closed","template":"page-templates\/full-width-page.php","meta":{"_EventAllDay":false,"_EventTimezone":"","_EventStartDate":"","_EventEndDate":"","_EventStartDateUTC":"","_EventEndDateUTC":"","_EventShowMap":false,"_EventShowMapLink":false,"_EventURL":"","_EventCost":"","_EventCostDescription":"","_EventCurrencySymbol":"","_EventCurrencyCode":"","_EventCurrencyPosition":"","_EventDateTimeSeparator":"","_EventTimeRangeSeparator":"","_EventOrganizerID":[],"_EventVenueID":[],"_OrganizerEmail":"","_OrganizerPhone":"","_OrganizerWebsite":"","_VenueAddress":"","_VenueCity":"","_VenueCountry":"","_VenueProvince":"","_VenueState":"","_VenueZip":"","_VenuePhone":"","_VenueURL":"","_VenueStateProvince":"","_VenueLat":"","_VenueLng":"","_VenueShowMap":false,"_VenueShowMapLink":false,"footnotes":""},"class_list":["post-1259","page","type-page","status-publish","hentry"],"_links":{"self":[{"href":"https:\/\/mv-eschfeld.de\/index.php?rest_route=\/wp\/v2\/pages\/1259","targetHints":{"allow":["GET"]}}],"collection":[{"href":"https:\/\/mv-eschfeld.de\/index.php?rest_route=\/wp\/v2\/pages"}],"about":[{"href":"https:\/\/mv-eschfeld.de\/index.php?rest_route=\/wp\/v2\/types\/page"}],"author":[{"embeddable":true,"href":"https:\/\/mv-eschfeld.de\/index.php?rest_route=\/wp\/v2\/users\/1"}],"replies":[{"embeddable":true,"href":"https:\/\/mv-eschfeld.de\/index.php?rest_route=%2Fwp%2Fv2%2Fcomments&post=1259"}],"version-history":[{"count":5,"href":"https:\/\/mv-eschfeld.de\/index.php?rest_route=\/wp\/v2\/pages\/1259\/revisions"}],"predecessor-version":[{"id":3280,"href":"https:\/\/mv-eschfeld.de\/index.php?rest_route=\/wp\/v2\/pages\/1259\/revisions\/3280"}],"wp:attachment":[{"href":"https:\/\/mv-eschfeld.de\/index.php?rest_route=%2Fwp%2Fv2%2Fmedia&parent=1259"}],"curies":[{"name":"wp","href":"https:\/\/api.w.org\/{rel}","templated":true}]}}